{"id":17971,"date":"2023-01-12T12:31:45","date_gmt":"2023-01-12T12:31:45","guid":{"rendered":"https:\/\/www.finsdesiecles-artdeco.com\/product\/desk-3\/"},"modified":"2023-07-25T10:08:32","modified_gmt":"2023-07-25T10:08:32","slug":"bureau-2","status":"publish","type":"product","link":"https:\/\/www.finsdesiecles-artdeco.com\/fr\/product\/bureau-2\/","title":{"rendered":"Bureau cubiste Art D\u00e9co &#8211; Barcelone 1930"},"content":{"rendered":"<p>Bureau cubiste Art D\u00e9co &#8211; Barcelone 1930<\/p>\n<p>&nbsp;<\/p>\n<p><strong>Dimensions<\/strong><\/p>\n<p><strong>cm<\/strong> 150 x 70 x 79<\/p>\n<p><strong>inches<\/strong> 59.05 x 27.55 x 31.1<\/p>\n","protected":false},"excerpt":{"rendered":"<p>Bureau cubiste Art D\u00e9co en acajou massif et placage d&rsquo;acajou flamm\u00e9. Six tiroirs et une porte ouvrant en fa\u00e7ade, une niche en d\u00e9crochement c\u00f4t\u00e9 visiteur. Poign\u00e9es de tirage en acajou massif, quincaillerie en laiton poli. Vernis au tampon. Qualit\u00e9 de r\u00e9alisation tr\u00e8s \u00e9lev\u00e9e.<br \/>\nBiblioth\u00e8que basse assortie disponible.<br \/>\nBarcelone vers 1930<\/p>\n<p>&nbsp;<\/p>\n<p><strong>Dimensions<\/strong><\/p>\n<p><strong>cm<\/strong> 150 x 70 x 79<\/p>\n<p><strong>inches<\/strong> 59.05 x 27.55 x 31.1<\/p>\n","protected":false},"featured_media":17943,"template":"","meta":{"_editorskit_title_hidden":false,"_editorskit_reading_time":0,"_editorskit_is_block_options_detached":false,"_editorskit_block_options_position":"{}","inline_featured_image":false},"product_brand":[],"product_cat":[256,261],"product_tag":[],"class_list":{"0":"post-17971","1":"product","2":"type-product","3":"status-publish","4":"has-post-thumbnail","6":"product_cat-tables","7":"product_cat-bureaux","9":"first","10":"instock","11":"shipping-taxable","12":"purchasable","13":"product-type-simple"},"_links":{"self":[{"href":"https:\/\/www.finsdesiecles-artdeco.com\/fr\/wp-json\/wp\/v2\/product\/17971","targetHints":{"allow":["GET"]}}],"collection":[{"href":"https:\/\/www.finsdesiecles-artdeco.com\/fr\/wp-json\/wp\/v2\/product"}],"about":[{"href":"https:\/\/www.finsdesiecles-artdeco.com\/fr\/wp-json\/wp\/v2\/types\/product"}],"wp:featuredmedia":[{"embeddable":true,"href":"https:\/\/www.finsdesiecles-artdeco.com\/fr\/wp-json\/wp\/v2\/media\/17943"}],"wp:attachment":[{"href":"https:\/\/www.finsdesiecles-artdeco.com\/fr\/wp-json\/wp\/v2\/media?parent=17971"}],"wp:term":[{"taxonomy":"product_brand","embeddable":true,"href":"https:\/\/www.finsdesiecles-artdeco.com\/fr\/wp-json\/wp\/v2\/product_brand?post=17971"},{"taxonomy":"product_cat","embeddable":true,"href":"https:\/\/www.finsdesiecles-artdeco.com\/fr\/wp-json\/wp\/v2\/product_cat?post=17971"},{"taxonomy":"product_tag","embeddable":true,"href":"https:\/\/www.finsdesiecles-artdeco.com\/fr\/wp-json\/wp\/v2\/product_tag?post=17971"}],"curies":[{"name":"wp","href":"https:\/\/api.w.org\/{rel}","templated":true}]}}