{"id":27026,"date":"2023-12-18T15:33:10","date_gmt":"2023-12-18T15:41:14","guid":{"rendered":"https:\/\/www.finsdesiecles-artdeco.com\/?post_type=product&#038;p=27026"},"modified":"2023-12-18T15:43:39","modified_gmt":"2023-12-18T15:43:39","slug":"table-de-nuit-art-deco-france-1930","status":"publish","type":"product","link":"https:\/\/www.finsdesiecles-artdeco.com\/fr\/product\/table-de-nuit-art-deco-france-1930\/","title":{"rendered":"Table de nuit Art D\u00e9co &#8211; France 1930"},"content":{"rendered":"<p>Table de nuit Art D\u00e9co &#8211; France 1930<\/p>\n<p><strong>Dimensions<\/strong><\/p>\n<p><strong>cm<\/strong> 53 x 38,3 (avec poign\u00e9es) x 63<\/p>\n<p><strong>inches<\/strong> 20.86 x 15.16 (avec poign\u00e9es) x 24.80<\/p>\n","protected":false},"excerpt":{"rendered":"<p>Table de nuit ou petit meuble d&rsquo;appoint Art D\u00e9co en bois plaqu\u00e9 de palissandre, c\u00f4t\u00e9 gauche arrondi (socle, les trois tiroirs et le marbre) c\u00f4t\u00e9 droit ouvrant par une porte sur un int\u00e9rieur en citronnier et acajou. Vernis au tampon. Poign\u00e9es en laiton nickel\u00e9.<\/p>\n<p>France vers 1930<\/p>\n<p>&nbsp;<\/p>\n<p><strong>Dimensions<\/strong><\/p>\n<p><strong>cm<\/strong> 53 x 38,3 (avec poign\u00e9es) x 63<\/p>\n<p><strong>inches<\/strong> 20.86 x 15.16 (avec poign\u00e9es) x 24.80<\/p>\n<p>&nbsp;<\/p>\n<p>&nbsp;<\/p>\n","protected":false},"featured_media":27000,"template":"","meta":{"_editorskit_title_hidden":false,"_editorskit_reading_time":0,"_editorskit_is_block_options_detached":false,"_editorskit_block_options_position":"{}","inline_featured_image":false},"product_brand":[],"product_cat":[415,256,270,312],"product_tag":[],"class_list":{"0":"post-27026","1":"product","2":"type-product","3":"status-publish","4":"has-post-thumbnail","6":"product_cat-meubles-de-rangement","7":"product_cat-tables","8":"product_cat-chambres-a-coucher","9":"product_cat-tables-de-nuit","11":"first","12":"instock","13":"shipping-taxable","14":"purchasable","15":"product-type-simple"},"_links":{"self":[{"href":"https:\/\/www.finsdesiecles-artdeco.com\/fr\/wp-json\/wp\/v2\/product\/27026","targetHints":{"allow":["GET"]}}],"collection":[{"href":"https:\/\/www.finsdesiecles-artdeco.com\/fr\/wp-json\/wp\/v2\/product"}],"about":[{"href":"https:\/\/www.finsdesiecles-artdeco.com\/fr\/wp-json\/wp\/v2\/types\/product"}],"wp:featuredmedia":[{"embeddable":true,"href":"https:\/\/www.finsdesiecles-artdeco.com\/fr\/wp-json\/wp\/v2\/media\/27000"}],"wp:attachment":[{"href":"https:\/\/www.finsdesiecles-artdeco.com\/fr\/wp-json\/wp\/v2\/media?parent=27026"}],"wp:term":[{"taxonomy":"product_brand","embeddable":true,"href":"https:\/\/www.finsdesiecles-artdeco.com\/fr\/wp-json\/wp\/v2\/product_brand?post=27026"},{"taxonomy":"product_cat","embeddable":true,"href":"https:\/\/www.finsdesiecles-artdeco.com\/fr\/wp-json\/wp\/v2\/product_cat?post=27026"},{"taxonomy":"product_tag","embeddable":true,"href":"https:\/\/www.finsdesiecles-artdeco.com\/fr\/wp-json\/wp\/v2\/product_tag?post=27026"}],"curies":[{"name":"wp","href":"https:\/\/api.w.org\/{rel}","templated":true}]}}