{"id":6313,"date":"2020-06-09T14:05:48","date_gmt":"2020-06-09T14:05:48","guid":{"rendered":"https:\/\/www.finsdesiecles-artdeco.com\/?product=vases"},"modified":"2023-03-11T10:42:29","modified_gmt":"2023-03-11T10:42:29","slug":"grande-amphore-de-guerin-belgique-1947","status":"publish","type":"product","link":"https:\/\/www.finsdesiecles-artdeco.com\/fr\/product\/grande-amphore-de-guerin-belgique-1947\/","title":{"rendered":"Grande amphore de Gu\u00e9rin &#8211; Belgique 1947"},"content":{"rendered":"<p><strong>Roger Gu\u00e9rin<\/strong> (Belgique 1896 &#8211; 1954)<\/p>\n<p>Roger Gu\u00e9rin est un grand nom de la c\u00e9ramique Art D\u00e9co belge. La majeure partie de son \u0153uvre est constitu\u00e9e de vases boule et vases g\u00e9om\u00e9triques ou \u00e0 facettes, ainsi que de sculptures. Son mat\u00e9riau de pr\u00e9dilection est le gr\u00e8s \u00e0 gla\u00e7ure au sel grand feu. Il d\u00e9bute avec le style Art Nouveau puis \u00e9volue dans le style Art D\u00e9co. Il obtient une reconnaissance internationale \u00e0 la suite de sa pr\u00e9sence \u00e0 l\u2019exposition internationale des Arts D\u00e9coratifs Industriels et Modernes de Paris en 1925. Il r\u00e9alise de nombreuses collaborations artistiques avec des sculpteurs et ferronniers d\u2019art. Plusieurs de ses \u0153uvres sont acquises par le Roi Albert ou sont pr\u00e9sentes dans des mus\u00e9es belges, hollandais, italiens et am\u00e9ricains.<\/p>\n","protected":false},"excerpt":{"rendered":"<p>Grande amphore en gr\u00e8s avec d\u00e9coration g\u00e9om\u00e9trique.<\/p>\n<p>Sign\u00e9: Gu\u00e9rin 1947 (Gr\u00e8s taille unique)<\/p>\n<p>Belgique,\u00a0Bouffioulx 1947<\/p>\n<p><b>Dimensions<\/b><\/p>\n<ul>\n<li><b>cm:<\/b> 36 x 30 x 50<\/li>\n<li><b>inches:<\/b> 14.17 x 11.81 x 19.69<\/li>\n<\/ul>\n","protected":false},"featured_media":6304,"template":"","meta":{"_editorskit_title_hidden":false,"_editorskit_reading_time":0,"_editorskit_is_block_options_detached":false,"_editorskit_block_options_position":"{}","inline_featured_image":false},"product_brand":[],"product_cat":[462,267],"product_tag":[],"class_list":{"0":"post-6313","1":"product","2":"type-product","3":"status-publish","4":"has-post-thumbnail","6":"product_cat-ceramiques","7":"product_cat-objets-et-accessoires","9":"first","10":"instock","11":"purchasable","12":"product-type-simple"},"_links":{"self":[{"href":"https:\/\/www.finsdesiecles-artdeco.com\/fr\/wp-json\/wp\/v2\/product\/6313","targetHints":{"allow":["GET"]}}],"collection":[{"href":"https:\/\/www.finsdesiecles-artdeco.com\/fr\/wp-json\/wp\/v2\/product"}],"about":[{"href":"https:\/\/www.finsdesiecles-artdeco.com\/fr\/wp-json\/wp\/v2\/types\/product"}],"wp:featuredmedia":[{"embeddable":true,"href":"https:\/\/www.finsdesiecles-artdeco.com\/fr\/wp-json\/wp\/v2\/media\/6304"}],"wp:attachment":[{"href":"https:\/\/www.finsdesiecles-artdeco.com\/fr\/wp-json\/wp\/v2\/media?parent=6313"}],"wp:term":[{"taxonomy":"product_brand","embeddable":true,"href":"https:\/\/www.finsdesiecles-artdeco.com\/fr\/wp-json\/wp\/v2\/product_brand?post=6313"},{"taxonomy":"product_cat","embeddable":true,"href":"https:\/\/www.finsdesiecles-artdeco.com\/fr\/wp-json\/wp\/v2\/product_cat?post=6313"},{"taxonomy":"product_tag","embeddable":true,"href":"https:\/\/www.finsdesiecles-artdeco.com\/fr\/wp-json\/wp\/v2\/product_tag?post=6313"}],"curies":[{"name":"wp","href":"https:\/\/api.w.org\/{rel}","templated":true}]}}