{"id":8046,"date":"2022-01-03T15:22:47","date_gmt":"2022-01-03T15:22:47","guid":{"rendered":"https:\/\/www.finsdesiecles-artdeco.com\/?product=bureaux"},"modified":"2023-08-17T11:29:56","modified_gmt":"2023-08-17T11:29:56","slug":"bureau-art-deco-attribue-a-challeyssin-1930","status":"publish","type":"product","link":"https:\/\/www.finsdesiecles-artdeco.com\/fr\/product\/bureau-art-deco-attribue-a-challeyssin-1930\/","title":{"rendered":"Bureau Art D\u00e9co attribu\u00e9 \u00e0 Chaleyssin &#8211; France 1930"},"content":{"rendered":"<p><strong>Francisque Chaleyssin <\/strong>(Lyon, France, 1872-1951).<\/p>\n<p>En 1896, Francisque\u00a0Chaleyssin h\u00e9rite avec son fr\u00e8re Joseph de la maison Chaleyssin, fond\u00e9e en 1867 par leur p\u00e8re. Joseph occupe le r\u00f4le de gestionnaire et Francisque, sculpteur de formation, celui d\u2019artiste. En 1912, la petite entreprise s\u2019associe \u00e0 la maison parisienne Mercier et devient Mercier &amp; Chaleyssin. Dans les ann\u00e9es 1920, les pi\u00e8ces sont d\u2019esprit anglais ou avec des r\u00e9miniscences Louis XVI, mais cependant une influence de Paul Follot. \u00c0 cette \u00e9poque, la production est ax\u00e9e sur un Art D\u00e9co timide qui n\u2019ose pas encore s\u2019affirmer. En 1923, \u00e0 la mort de son fr\u00e8re, Francisque Chaleyssin se retrouve seul \u00e0 la t\u00eate de l\u2019entreprise. Il y engage son gendre Andr\u00e9 Ducaroy, v\u00e9ritable concepteur du mobilier moderne ex\u00e9cut\u00e9 durant les ann\u00e9es 1920-1930.\u00a0En 1925, lors de l\u2019Exposition des Arts D\u00e9coratives et Industriels Modernes, Francisque Chaleyssin pr\u00e9sente une composition, un meuble d\u2019appui-secr\u00e9taire, qui lui vaut les honneurs de la presse lyonnaise et parisienne. Vers 1930, en pleine \u00e8re des paquebots, la maison Mercier et Chaleyssin participe \u00e0 l&rsquo;am\u00e9nagement et \u00e0 la d\u00e9coration int\u00e9rieure de nombre d&rsquo;entre eux.\u00a0En 1934, ils se s\u00e9parent de Mercier. Francisque Chaleyssin, jug\u00e9 moins moderne et cr\u00e9atif que son gendre, reste \u00e0 l\u2019\u00e9poque un personnage de premier plan. Administrateur en chef de l\u2019\u00c9cole de Beaux-Arts, il fonde une classe de d\u00e9coration et fut durant les ann\u00e9es 1930 le pr\u00e9sident du comit\u00e9 r\u00e9gional des Arts Appliqu\u00e9s de Lyon. Pendant la Seconde Guerre Mondiale, l\u2019usine se contente d\u2019achever les commandes en cours et revient vers une conception de mobilier plus classique. Apr\u00e8s sa mort, l&rsquo;entreprise ferme en 1960.<\/p>\n","protected":false},"excerpt":{"rendered":"<p>Petit bureau Art D\u00e9co cubiste double face en ch\u00eane massif et contreplaqu\u00e9 de ch\u00eane, trois tiroirs en facade, rangement sous le plateau, tube et poign\u00e9es en acier nickel\u00e9. Vernis au tampon.<\/p>\n<p>Attribu\u00e9 \u00e0 Francisque Chaleyssin.<\/p>\n<p>France, Lyon vers 1930<\/p>\n<p>&nbsp;<\/p>\n<p><b>Dimensions<\/b><\/p>\n<p><b>cm:<\/b> 110 x 64 x 75<\/p>\n<p><b>inches:<\/b> 43.31 x 25,19 x 29,52<\/p>\n","protected":false},"featured_media":8035,"template":"","meta":{"_editorskit_title_hidden":false,"_editorskit_reading_time":0,"_editorskit_is_block_options_detached":false,"_editorskit_block_options_position":"{}","inline_featured_image":false},"product_brand":[],"product_cat":[256,261],"product_tag":[],"class_list":{"0":"post-8046","1":"product","2":"type-product","3":"status-publish","4":"has-post-thumbnail","6":"product_cat-tables","7":"product_cat-bureaux","9":"first","10":"instock","11":"purchasable","12":"product-type-simple"},"_links":{"self":[{"href":"https:\/\/www.finsdesiecles-artdeco.com\/fr\/wp-json\/wp\/v2\/product\/8046","targetHints":{"allow":["GET"]}}],"collection":[{"href":"https:\/\/www.finsdesiecles-artdeco.com\/fr\/wp-json\/wp\/v2\/product"}],"about":[{"href":"https:\/\/www.finsdesiecles-artdeco.com\/fr\/wp-json\/wp\/v2\/types\/product"}],"wp:featuredmedia":[{"embeddable":true,"href":"https:\/\/www.finsdesiecles-artdeco.com\/fr\/wp-json\/wp\/v2\/media\/8035"}],"wp:attachment":[{"href":"https:\/\/www.finsdesiecles-artdeco.com\/fr\/wp-json\/wp\/v2\/media?parent=8046"}],"wp:term":[{"taxonomy":"product_brand","embeddable":true,"href":"https:\/\/www.finsdesiecles-artdeco.com\/fr\/wp-json\/wp\/v2\/product_brand?post=8046"},{"taxonomy":"product_cat","embeddable":true,"href":"https:\/\/www.finsdesiecles-artdeco.com\/fr\/wp-json\/wp\/v2\/product_cat?post=8046"},{"taxonomy":"product_tag","embeddable":true,"href":"https:\/\/www.finsdesiecles-artdeco.com\/fr\/wp-json\/wp\/v2\/product_tag?post=8046"}],"curies":[{"name":"wp","href":"https:\/\/api.w.org\/{rel}","templated":true}]}}